{"id":3683,"date":"2020-01-06T15:35:33","date_gmt":"2020-01-06T15:35:33","guid":{"rendered":"https:\/\/einrichtungshaus.it\/schnaeppchen\/"},"modified":"2022-04-22T17:08:00","modified_gmt":"2022-04-22T15:08:00","slug":"occasioni","status":"publish","type":"page","link":"https:\/\/toetsch.com\/it\/occasioni\/","title":{"rendered":"Occasioni"},"content":{"rendered":"<div class=\"fusion-fullwidth fullwidth-box fusion-builder-row-1 fusion-flex-container nonhundred-percent-fullwidth non-hundred-percent-height-scrolling\" style=\"--awb-border-radius-top-left:0px;--awb-border-radius-top-right:0px;--awb-border-radius-bottom-right:0px;--awb-border-radius-bottom-left:0px;--awb-padding-top:30px;--awb-padding-bottom:30px;--awb-flex-wrap:wrap;\" ><div class=\"fusion-builder-row fusion-row fusion-flex-align-items-flex-start fusion-flex-content-wrap\" style=\"max-width:1320.8px;margin-left: calc(-4% \/ 2 );margin-right: calc(-4% \/ 2 );\"><div class=\"fusion-layout-column fusion_builder_column fusion-builder-column-0 fusion_builder_column_1_1 1_1 fusion-flex-column\" style=\"--awb-bg-size:cover;--awb-width-large:100%;--awb-margin-top-large:25px;--awb-spacing-right-large:4.32%;--awb-margin-bottom-large:25px;--awb-spacing-left-large:1.92%;--awb-width-medium:100%;--awb-spacing-right-medium:1.92%;--awb-spacing-left-medium:1.92%;--awb-width-small:100%;--awb-spacing-right-small:1.92%;--awb-spacing-left-small:1.92%;\"><div class=\"fusion-column-wrapper fusion-column-has-shadow fusion-flex-justify-content-flex-start fusion-content-layout-column\"><div class=\"fusion-title title fusion-title-1 fusion-sep-none fusion-title-text fusion-title-size-six\" style=\"--awb-margin-top:0px;--awb-margin-bottom:10px;--awb-margin-bottom-small:10PX;\"><h6 class=\"fusion-title-heading title-heading-left fusion-responsive-typography-calculated\" style=\"margin:0;--fontSize:12;--minFontSize:12;line-height:1.72;\">Offerte da non perdere a T\u00f6tsch<\/h6><\/div><div class=\"fusion-title title fusion-title-2 fusion-sep-none fusion-title-text fusion-title-size-two\" style=\"--awb-margin-bottom:6%;--awb-margin-bottom-small:36px;--awb-font-size:36px;\"><h2 class=\"fusion-title-heading title-heading-left fusion-responsive-typography-calculated\" style=\"margin:0;font-size:1em;--fontSize:36;line-height:1.26;\">Occasioni per Voi<\/h2><\/div><div class=\"fusion-blog-shortcode fusion-blog-shortcode-1 fusion-blog-archive fusion-blog-layout-grid-wrapper fusion-blog-no\"><style type=\"text\/css\">.fusion-blog-shortcode-1 .fusion-blog-layout-grid .fusion-post-grid{padding:23px;}.fusion-blog-shortcode-1 .fusion-posts-container{margin-left: -23px !important; margin-right:-23px !important;}<\/style><div class=\"fusion-posts-container fusion-posts-container-no fusion-no-meta-info fusion-blog-rollover fusion-blog-layout-grid fusion-blog-layout-grid-3 isotope fusion-blog-equal-heights\" data-pages=\"1\" data-grid-col-space=\"46\" style=\"margin: -23px -23px 0;min-height:500px;\"><article id=\"blog-1-post-4432\" class=\"fusion-post-grid post-4432 post type-post status-publish format-gallery has-post-thumbnail hentry category-occasioni post_format-post-format-gallery\">\n<div class=\"fusion-post-wrapper\" style=\"background-color:rgba(255,255,255,0);border:none;\">\n\n\t\t\t<div class=\"fusion-flexslider flexslider fusion-flexslider-loading fusion-post-slideshow\" style=\"border-color:rgba(235,234,234,0);\">\n\t\t<ul class=\"slides\">\n\t\t\t\n\t\t\t\t\t\t\t\t\t\t\t\t\t\t<li><div  class=\"fusion-image-wrapper\" aria-haspopup=\"true\">\n\t\t\t\t<img decoding=\"async\" width=\"1200\" height=\"883\" src=\"https:\/\/toetsch.com\/wp-content\/uploads\/2025\/04\/20250331_110328_edited.jpg\" class=\"attachment-full size-full wp-post-image\" alt=\"\" srcset=\"https:\/\/toetsch.com\/wp-content\/uploads\/2025\/04\/20250331_110328_edited-200x147.jpg 200w, https:\/\/toetsch.com\/wp-content\/uploads\/2025\/04\/20250331_110328_edited-400x294.jpg 400w, https:\/\/toetsch.com\/wp-content\/uploads\/2025\/04\/20250331_110328_edited-600x442.jpg 600w, https:\/\/toetsch.com\/wp-content\/uploads\/2025\/04\/20250331_110328_edited-800x589.jpg 800w, https:\/\/toetsch.com\/wp-content\/uploads\/2025\/04\/20250331_110328_edited.jpg 1200w\" sizes=\"(min-width: 2200px) 100vw, (min-width: 784px) 393px, (min-width: 712px) 589px, (min-width: 640px) 712px, \" \/><div class=\"fusion-rollover\">\n\t<div class=\"fusion-rollover-content\">\n\n\t\t\t\t\n\t\t\n\t\t\t\t\t\t\t\t\n\t\t\t\t\t\t\t\t\n\t\t\n\t\t\t\t\t\t<a class=\"fusion-link-wrapper\" href=\"https:\/\/toetsch.com\/it\/relaxsessel-3\/\" aria-label=\"Letto in legno massicio cirmolo\"><\/a>\n\t<\/div>\n<\/div>\n<\/div>\n<\/li>\n\t\t\t\n\t\t\t\n\t\t\t\t\t\t\t\t\t\t\t\n\t\t\t\t\t\n\t\t\t\t\t\t\t\t\t\t\t<li>\n\t\t\t\t\t\t\t<div class=\"fusion-image-wrapper\">\n\t\t\t\t\t\t\t\t<a href=\"https:\/\/toetsch.com\/it\/relaxsessel-3\/\" aria-label=\"Letto in legno massicio cirmolo\">\n\t\t\t\t\t\t\t\t\t<img decoding=\"async\" width=\"2560\" height=\"1920\" src=\"https:\/\/toetsch.com\/wp-content\/uploads\/2025\/04\/20250331_112733-scaled.jpg\" alt=\"\" class=\"wp-image-4438\" role=\"presentation\" srcset=\"https:\/\/toetsch.com\/wp-content\/uploads\/2025\/04\/20250331_112733-200x150.jpg 200w, https:\/\/toetsch.com\/wp-content\/uploads\/2025\/04\/20250331_112733-400x300.jpg 400w, https:\/\/toetsch.com\/wp-content\/uploads\/2025\/04\/20250331_112733-600x450.jpg 600w, https:\/\/toetsch.com\/wp-content\/uploads\/2025\/04\/20250331_112733-800x600.jpg 800w, https:\/\/toetsch.com\/wp-content\/uploads\/2025\/04\/20250331_112733-1200x900.jpg 1200w, https:\/\/toetsch.com\/wp-content\/uploads\/2025\/04\/20250331_112733-scaled.jpg 2560w\" sizes=\"(min-width: 2200px) 100vw, (min-width: 784px) 393px, (min-width: 712px) 589px, (min-width: 640px) 712px, \" \/>\t\t\t\t\t\t\t\t<\/a>\n\t\t\t\t\t\t\t\t<a style=\"display:none;\" href=\"https:\/\/toetsch.com\/wp-content\/uploads\/2025\/04\/20250331_112733-scaled.jpg\" data-rel=\"iLightbox[gallery4432]\"  title=\"\" data-title=\"20250331_112733\" data-caption=\"\">\n\t\t\t\t\t\t\t\t\t\t\t\t\t\t\t\t\t<\/a>\n\t\t\t\t\t\t\t<\/div>\n\t\t\t\t\t\t<\/li>\n\t\t\t\t\t\t\t\t\t\t\t\t\t\t\t\t\t\t\t\t\t\t\t\t\t\t\t\t\t\t\t\t\t\t\t\t\t\t\t\t\t\t\t\t\t\t\t\t\t\t\t\t\t\t\t\t\t\t\t\t\t\t\t\t\t\t<\/ul>\n\t<\/div>\n\t<div class=\"fusion-post-content-wrapper\" style=\"padding:30px 0px 10px 0px;\"><div class=\"fusion-post-content post-content\"><h2 class=\"blog-shortcode-post-title entry-title\"><a href=\"https:\/\/toetsch.com\/it\/relaxsessel-3\/\">Letto in legno massicio cirmolo<\/a><\/h2><\/div><\/div><div class=\"fusion-clearfix\"><\/div><\/div>\n<\/article>\n<article id=\"blog-1-post-4401\" class=\"fusion-post-grid post-4401 post type-post status-publish format-gallery has-post-thumbnail hentry category-occasioni post_format-post-format-gallery\">\n<div class=\"fusion-post-wrapper\" style=\"background-color:rgba(255,255,255,0);border:none;\">\n\n\t\t\t<div class=\"fusion-flexslider flexslider fusion-flexslider-loading fusion-post-slideshow\" style=\"border-color:rgba(235,234,234,0);\">\n\t\t<ul class=\"slides\">\n\t\t\t\n\t\t\t\t\t\t\t\t\t\t\t\t\t\t<li><div  class=\"fusion-image-wrapper\" aria-haspopup=\"true\">\n\t\t\t\t<img decoding=\"async\" width=\"1707\" height=\"1403\" src=\"https:\/\/toetsch.com\/wp-content\/uploads\/2025\/04\/4036P2H-HK020-100-2-scaled-1.jpg\" class=\"attachment-full size-full wp-post-image\" alt=\"\" srcset=\"https:\/\/toetsch.com\/wp-content\/uploads\/2025\/04\/4036P2H-HK020-100-2-scaled-1-200x164.jpg 200w, https:\/\/toetsch.com\/wp-content\/uploads\/2025\/04\/4036P2H-HK020-100-2-scaled-1-400x329.jpg 400w, https:\/\/toetsch.com\/wp-content\/uploads\/2025\/04\/4036P2H-HK020-100-2-scaled-1-600x493.jpg 600w, https:\/\/toetsch.com\/wp-content\/uploads\/2025\/04\/4036P2H-HK020-100-2-scaled-1-800x658.jpg 800w, https:\/\/toetsch.com\/wp-content\/uploads\/2025\/04\/4036P2H-HK020-100-2-scaled-1-1200x986.jpg 1200w, https:\/\/toetsch.com\/wp-content\/uploads\/2025\/04\/4036P2H-HK020-100-2-scaled-1.jpg 1707w\" sizes=\"(min-width: 2200px) 100vw, (min-width: 784px) 393px, (min-width: 712px) 589px, (min-width: 640px) 712px, \" \/><div class=\"fusion-rollover\">\n\t<div class=\"fusion-rollover-content\">\n\n\t\t\t\t\n\t\t\n\t\t\t\t\t\t\t\t\n\t\t\t\t\t\t\t\t\n\t\t\n\t\t\t\t\t\t<a class=\"fusion-link-wrapper\" href=\"https:\/\/toetsch.com\/it\/relaxsessel-2\/\" aria-label=\"Poltrona Relax\"><\/a>\n\t<\/div>\n<\/div>\n<\/div>\n<\/li>\n\t\t\t\n\t\t\t\n\t\t\t\t\t\t\t\t\t\t\t\t\t\t\t\t\t\t\t\t\t\t\t\t\t\t\t\t\t\t\t\t\t\t\t\t\t\t\t\t\t\t\t\t\t\t\t\t\t\t\t\t\t\t\t\t\t\t\t\t\t\t\t\t\t\t\t\t<\/ul>\n\t<\/div>\n\t<div class=\"fusion-post-content-wrapper\" style=\"padding:30px 0px 10px 0px;\"><div class=\"fusion-post-content post-content\"><h2 class=\"blog-shortcode-post-title entry-title\"><a href=\"https:\/\/toetsch.com\/it\/relaxsessel-2\/\">Poltrona Relax<\/a><\/h2><\/div><\/div><div class=\"fusion-clearfix\"><\/div><\/div>\n<\/article>\n<article id=\"blog-1-post-4411\" class=\"fusion-post-grid post-4411 post type-post status-publish format-gallery has-post-thumbnail hentry category-occasioni post_format-post-format-gallery\">\n<div class=\"fusion-post-wrapper\" style=\"background-color:rgba(255,255,255,0);border:none;\">\n\n\t\t\t<div class=\"fusion-flexslider flexslider fusion-flexslider-loading fusion-post-slideshow\" style=\"border-color:rgba(235,234,234,0);\">\n\t\t<ul class=\"slides\">\n\t\t\t\n\t\t\t\t\t\t\t\t\t\t\t\t\t\t<li><div  class=\"fusion-image-wrapper\" aria-haspopup=\"true\">\n\t\t\t\t<img decoding=\"async\" width=\"1707\" height=\"1513\" src=\"https:\/\/toetsch.com\/wp-content\/uploads\/2025\/03\/499P2H-Light-16-3-scaled-1.jpg\" class=\"attachment-full size-full wp-post-image\" alt=\"\" srcset=\"https:\/\/toetsch.com\/wp-content\/uploads\/2025\/03\/499P2H-Light-16-3-scaled-1-200x177.jpg 200w, https:\/\/toetsch.com\/wp-content\/uploads\/2025\/03\/499P2H-Light-16-3-scaled-1-400x355.jpg 400w, https:\/\/toetsch.com\/wp-content\/uploads\/2025\/03\/499P2H-Light-16-3-scaled-1-600x532.jpg 600w, https:\/\/toetsch.com\/wp-content\/uploads\/2025\/03\/499P2H-Light-16-3-scaled-1-800x709.jpg 800w, https:\/\/toetsch.com\/wp-content\/uploads\/2025\/03\/499P2H-Light-16-3-scaled-1-1200x1064.jpg 1200w, https:\/\/toetsch.com\/wp-content\/uploads\/2025\/03\/499P2H-Light-16-3-scaled-1.jpg 1707w\" sizes=\"(min-width: 2200px) 100vw, (min-width: 784px) 393px, (min-width: 712px) 589px, (min-width: 640px) 712px, \" \/><div class=\"fusion-rollover\">\n\t<div class=\"fusion-rollover-content\">\n\n\t\t\t\t\n\t\t\n\t\t\t\t\t\t\t\t\n\t\t\t\t\t\t\t\t\n\t\t\n\t\t\t\t\t\t<a class=\"fusion-link-wrapper\" href=\"https:\/\/toetsch.com\/it\/relaxsessel\/\" aria-label=\"Poltrona Relax\"><\/a>\n\t<\/div>\n<\/div>\n<\/div>\n<\/li>\n\t\t\t\n\t\t\t\n\t\t\t\t\t\t\t\t\t\t\t\t\t\t\t\t\t\t\t\t\t\t\t\t\t\t\t\t\t\t\t\t\t\t\t\t\t\t\t\t\t\t\t\t\t\t\t\t\t\t\t\t\t\t\t\t\t\t\t\t\t\t\t\t\t\t\t\t<\/ul>\n\t<\/div>\n\t<div class=\"fusion-post-content-wrapper\" style=\"padding:30px 0px 10px 0px;\"><div class=\"fusion-post-content post-content\"><h2 class=\"blog-shortcode-post-title entry-title\"><a href=\"https:\/\/toetsch.com\/it\/relaxsessel\/\">Poltrona Relax<\/a><\/h2><\/div><\/div><div class=\"fusion-clearfix\"><\/div><\/div>\n<\/article>\n<article id=\"blog-1-post-4261\" class=\"fusion-post-grid post-4261 post type-post status-publish format-gallery has-post-thumbnail hentry category-occasioni post_format-post-format-gallery\">\n<div class=\"fusion-post-wrapper\" style=\"background-color:rgba(255,255,255,0);border:none;\">\n\n\t\t\t<div class=\"fusion-flexslider flexslider fusion-flexslider-loading fusion-post-slideshow\" style=\"border-color:rgba(235,234,234,0);\">\n\t\t<ul class=\"slides\">\n\t\t\t\n\t\t\t\t\t\t\t\t\t\t\t\t\t\t<li><div  class=\"fusion-image-wrapper\" aria-haspopup=\"true\">\n\t\t\t\t<img decoding=\"async\" width=\"2560\" height=\"1920\" src=\"https:\/\/toetsch.com\/wp-content\/uploads\/2024\/05\/20240229_110251-scaled.jpg\" class=\"attachment-full size-full wp-post-image\" alt=\"\" srcset=\"https:\/\/toetsch.com\/wp-content\/uploads\/2024\/05\/20240229_110251-200x150.jpg 200w, https:\/\/toetsch.com\/wp-content\/uploads\/2024\/05\/20240229_110251-400x300.jpg 400w, https:\/\/toetsch.com\/wp-content\/uploads\/2024\/05\/20240229_110251-600x450.jpg 600w, https:\/\/toetsch.com\/wp-content\/uploads\/2024\/05\/20240229_110251-800x600.jpg 800w, https:\/\/toetsch.com\/wp-content\/uploads\/2024\/05\/20240229_110251-1200x900.jpg 1200w, https:\/\/toetsch.com\/wp-content\/uploads\/2024\/05\/20240229_110251-scaled.jpg 2560w\" sizes=\"(min-width: 2200px) 100vw, (min-width: 784px) 393px, (min-width: 712px) 589px, (min-width: 640px) 712px, \" \/><div class=\"fusion-rollover\">\n\t<div class=\"fusion-rollover-content\">\n\n\t\t\t\t\n\t\t\n\t\t\t\t\t\t\t\t\n\t\t\t\t\t\t\t\t\n\t\t\n\t\t\t\t\t\t<a class=\"fusion-link-wrapper\" href=\"https:\/\/toetsch.com\/it\/cucina-ewe-modello-nuova-frontali-in-plastica-angora\/\" aria-label=\"Cucina EWE modello NUOVA frontali in plastica Angora\"><\/a>\n\t<\/div>\n<\/div>\n<\/div>\n<\/li>\n\t\t\t\n\t\t\t\n\t\t\t\t\t\t\t\t\t\t\t\t\t\t\t\t\t\t\t\t\t\t\t\t\t\t\t\t\t\t\t\t\t\t\t\t\t\t\t\t\t\t\t\t\t\t\t\t\t\t\t\t\t\t\t\t\t\t\t\t\t\t\t\t\t\t\t\t<\/ul>\n\t<\/div>\n\t<div class=\"fusion-post-content-wrapper\" style=\"padding:30px 0px 10px 0px;\"><div class=\"fusion-post-content post-content\"><h2 class=\"blog-shortcode-post-title entry-title\"><a href=\"https:\/\/toetsch.com\/it\/cucina-ewe-modello-nuova-frontali-in-plastica-angora\/\">Cucina EWE modello NUOVA frontali in plastica Angora<\/a><\/h2><\/div><\/div><div class=\"fusion-clearfix\"><\/div><\/div>\n<\/article>\n<article id=\"blog-1-post-4250\" class=\"fusion-post-grid post-4250 post type-post status-publish format-gallery has-post-thumbnail hentry category-occasioni post_format-post-format-gallery\">\n<div class=\"fusion-post-wrapper\" style=\"background-color:rgba(255,255,255,0);border:none;\">\n\n\t\t\t<div class=\"fusion-flexslider flexslider fusion-flexslider-loading fusion-post-slideshow\" style=\"border-color:rgba(235,234,234,0);\">\n\t\t<ul class=\"slides\">\n\t\t\t\n\t\t\t\t\t\t\t\t\t\t\t\t\t\t<li><div  class=\"fusion-image-wrapper\" aria-haspopup=\"true\">\n\t\t\t\t<img decoding=\"async\" width=\"2560\" height=\"1920\" src=\"https:\/\/toetsch.com\/wp-content\/uploads\/2024\/05\/20240229_104030-scaled.jpg\" class=\"attachment-full size-full wp-post-image\" alt=\"\" srcset=\"https:\/\/toetsch.com\/wp-content\/uploads\/2024\/05\/20240229_104030-200x150.jpg 200w, https:\/\/toetsch.com\/wp-content\/uploads\/2024\/05\/20240229_104030-400x300.jpg 400w, https:\/\/toetsch.com\/wp-content\/uploads\/2024\/05\/20240229_104030-600x450.jpg 600w, https:\/\/toetsch.com\/wp-content\/uploads\/2024\/05\/20240229_104030-800x600.jpg 800w, https:\/\/toetsch.com\/wp-content\/uploads\/2024\/05\/20240229_104030-1200x900.jpg 1200w, https:\/\/toetsch.com\/wp-content\/uploads\/2024\/05\/20240229_104030-scaled.jpg 2560w\" sizes=\"(min-width: 2200px) 100vw, (min-width: 784px) 393px, (min-width: 712px) 589px, (min-width: 640px) 712px, \" \/><div class=\"fusion-rollover\">\n\t<div class=\"fusion-rollover-content\">\n\n\t\t\t\t\n\t\t\n\t\t\t\t\t\t\t\t\n\t\t\t\t\t\t\t\t\n\t\t\n\t\t\t\t\t\t<a class=\"fusion-link-wrapper\" href=\"https:\/\/toetsch.com\/it\/cucina-ewe-modello-concreto-con-frontali-in-plastica-cemento-opale\/\" aria-label=\"Cucina EWE modello CONCRETO con frontali in plastica cemento opale\"><\/a>\n\t<\/div>\n<\/div>\n<\/div>\n<\/li>\n\t\t\t\n\t\t\t\n\t\t\t\t\t\t\t\t\t\t\t\n\t\t\t\t\t\n\t\t\t\t\t\t\t\t\t\t\t<li>\n\t\t\t\t\t\t\t<div class=\"fusion-image-wrapper\">\n\t\t\t\t\t\t\t\t<a href=\"https:\/\/toetsch.com\/it\/cucina-ewe-modello-concreto-con-frontali-in-plastica-cemento-opale\/\" aria-label=\"Cucina EWE modello CONCRETO con frontali in plastica cemento opale\">\n\t\t\t\t\t\t\t\t\t<img decoding=\"async\" width=\"2560\" height=\"1754\" src=\"https:\/\/toetsch.com\/wp-content\/uploads\/2024\/05\/20240229_104204-scaled.jpg\" alt=\"\" class=\"wp-image-4255\" role=\"presentation\" srcset=\"https:\/\/toetsch.com\/wp-content\/uploads\/2024\/05\/20240229_104204-200x137.jpg 200w, https:\/\/toetsch.com\/wp-content\/uploads\/2024\/05\/20240229_104204-400x274.jpg 400w, https:\/\/toetsch.com\/wp-content\/uploads\/2024\/05\/20240229_104204-600x411.jpg 600w, https:\/\/toetsch.com\/wp-content\/uploads\/2024\/05\/20240229_104204-800x548.jpg 800w, https:\/\/toetsch.com\/wp-content\/uploads\/2024\/05\/20240229_104204-1200x822.jpg 1200w, https:\/\/toetsch.com\/wp-content\/uploads\/2024\/05\/20240229_104204-scaled.jpg 2560w\" sizes=\"(min-width: 2200px) 100vw, (min-width: 784px) 393px, (min-width: 712px) 589px, (min-width: 640px) 712px, \" \/>\t\t\t\t\t\t\t\t<\/a>\n\t\t\t\t\t\t\t\t<a style=\"display:none;\" href=\"https:\/\/toetsch.com\/wp-content\/uploads\/2024\/05\/20240229_104204-scaled.jpg\" data-rel=\"iLightbox[gallery4250]\"  title=\"\" data-title=\"20240229_104204\" data-caption=\"\">\n\t\t\t\t\t\t\t\t\t\t\t\t\t\t\t\t\t<\/a>\n\t\t\t\t\t\t\t<\/div>\n\t\t\t\t\t\t<\/li>\n\t\t\t\t\t\t\t\t\t\t\t\t\t\t\t\t\t\t\t\t\t\t\t\t\t\t\t\t\t\t\t\t\t\t\t\t\t\t\t\t\t\t\t\t\t\t\t\t\t\t\t\t\t\t\t\t\t\t\t\t\t\t\t\t\t\t<\/ul>\n\t<\/div>\n\t<div class=\"fusion-post-content-wrapper\" style=\"padding:30px 0px 10px 0px;\"><div class=\"fusion-post-content post-content\"><h2 class=\"blog-shortcode-post-title entry-title\"><a href=\"https:\/\/toetsch.com\/it\/cucina-ewe-modello-concreto-con-frontali-in-plastica-cemento-opale\/\">Cucina EWE modello CONCRETO con frontali in plastica cemento opale<\/a><\/h2><\/div><\/div><div class=\"fusion-clearfix\"><\/div><\/div>\n<\/article>\n<div class=\"fusion-clearfix\"><\/div><\/div><\/div><\/div><\/div><\/div><\/div>\n","protected":false},"excerpt":{"rendered":"","protected":false},"author":1,"featured_media":0,"parent":0,"menu_order":0,"comment_status":"closed","ping_status":"closed","template":"100-width.php","meta":{"_acf_changed":false,"footnotes":""},"class_list":["post-3683","page","type-page","status-publish","hentry"],"acf":[],"yoast_head":"<!-- This site is optimized with the Yoast SEO plugin v27.4 - https:\/\/yoast.com\/product\/yoast-seo-wordpress\/ -->\n<title>Occasioni - Arredamenti T\u00f6tsch srl<\/title>\n<meta name=\"robots\" content=\"index, follow, max-snippet:-1, max-image-preview:large, max-video-preview:-1\" \/>\n<link rel=\"canonical\" href=\"https:\/\/toetsch.com\/it\/occasioni\/\" \/>\n<meta property=\"og:locale\" content=\"it_IT\" \/>\n<meta property=\"og:type\" content=\"article\" \/>\n<meta property=\"og:title\" content=\"Occasioni - Arredamenti T\u00f6tsch srl\" \/>\n<meta property=\"og:url\" content=\"https:\/\/toetsch.com\/it\/occasioni\/\" \/>\n<meta property=\"og:site_name\" content=\"Arredamenti T\u00f6tsch srl\" \/>\n<meta property=\"article:publisher\" content=\"https:\/\/www.facebook.com\/pages\/Ttsch-Einrichtungshaus\/714996031848438\" \/>\n<meta property=\"article:modified_time\" content=\"2022-04-22T15:08:00+00:00\" \/>\n<meta name=\"twitter:card\" content=\"summary_large_image\" \/>\n<meta name=\"twitter:label1\" content=\"Tempo di lettura stimato\" \/>\n\t<meta name=\"twitter:data1\" content=\"4 minuti\" \/>\n<script type=\"application\/ld+json\" class=\"yoast-schema-graph\">{\"@context\":\"https:\\\/\\\/schema.org\",\"@graph\":[{\"@type\":\"WebPage\",\"@id\":\"https:\\\/\\\/toetsch.com\\\/it\\\/occasioni\\\/\",\"url\":\"https:\\\/\\\/toetsch.com\\\/it\\\/occasioni\\\/\",\"name\":\"Occasioni - Arredamenti T\u00f6tsch srl\",\"isPartOf\":{\"@id\":\"https:\\\/\\\/toetsch.com\\\/it\\\/#website\"},\"datePublished\":\"2020-01-06T15:35:33+00:00\",\"dateModified\":\"2022-04-22T15:08:00+00:00\",\"breadcrumb\":{\"@id\":\"https:\\\/\\\/toetsch.com\\\/it\\\/occasioni\\\/#breadcrumb\"},\"inLanguage\":\"it-IT\",\"potentialAction\":[{\"@type\":\"ReadAction\",\"target\":[\"https:\\\/\\\/toetsch.com\\\/it\\\/occasioni\\\/\"]}]},{\"@type\":\"BreadcrumbList\",\"@id\":\"https:\\\/\\\/toetsch.com\\\/it\\\/occasioni\\\/#breadcrumb\",\"itemListElement\":[{\"@type\":\"ListItem\",\"position\":1,\"name\":\"Startseite\",\"item\":\"https:\\\/\\\/toetsch.com\\\/it\\\/\"},{\"@type\":\"ListItem\",\"position\":2,\"name\":\"Occasioni\"}]},{\"@type\":\"WebSite\",\"@id\":\"https:\\\/\\\/toetsch.com\\\/it\\\/#website\",\"url\":\"https:\\\/\\\/toetsch.com\\\/it\\\/\",\"name\":\"Arredamenti T\u00f6tsch srl\",\"description\":\"K\u00fcchen, Schlafen, Wohnen, B\u00fcro, Design aus S\u00fcdtirol\",\"publisher\":{\"@id\":\"https:\\\/\\\/toetsch.com\\\/it\\\/#organization\"},\"potentialAction\":[{\"@type\":\"SearchAction\",\"target\":{\"@type\":\"EntryPoint\",\"urlTemplate\":\"https:\\\/\\\/toetsch.com\\\/it\\\/?s={search_term_string}\"},\"query-input\":{\"@type\":\"PropertyValueSpecification\",\"valueRequired\":true,\"valueName\":\"search_term_string\"}}],\"inLanguage\":\"it-IT\"},{\"@type\":\"Organization\",\"@id\":\"https:\\\/\\\/toetsch.com\\\/it\\\/#organization\",\"name\":\"T\u00f6tsch Einrichtungshaus\",\"alternateName\":\"Exklusive Wohnl\u00f6sungen h\u00f6chster Qualit\u00e4t\",\"url\":\"https:\\\/\\\/toetsch.com\\\/it\\\/\",\"logo\":{\"@type\":\"ImageObject\",\"inLanguage\":\"it-IT\",\"@id\":\"https:\\\/\\\/toetsch.com\\\/it\\\/#\\\/schema\\\/logo\\\/image\\\/\",\"url\":\"https:\\\/\\\/toetsch.com\\\/wp-content\\\/uploads\\\/2021\\\/01\\\/toetsch-logo-2x.png\",\"contentUrl\":\"https:\\\/\\\/toetsch.com\\\/wp-content\\\/uploads\\\/2021\\\/01\\\/toetsch-logo-2x.png\",\"width\":282,\"height\":56,\"caption\":\"T\u00f6tsch Einrichtungshaus\"},\"image\":{\"@id\":\"https:\\\/\\\/toetsch.com\\\/it\\\/#\\\/schema\\\/logo\\\/image\\\/\"},\"sameAs\":[\"https:\\\/\\\/www.facebook.com\\\/pages\\\/Ttsch-Einrichtungshaus\\\/714996031848438\"]}]}<\/script>\n<!-- \/ Yoast SEO plugin. -->","yoast_head_json":{"title":"Occasioni - Arredamenti T\u00f6tsch srl","robots":{"index":"index","follow":"follow","max-snippet":"max-snippet:-1","max-image-preview":"max-image-preview:large","max-video-preview":"max-video-preview:-1"},"canonical":"https:\/\/toetsch.com\/it\/occasioni\/","og_locale":"it_IT","og_type":"article","og_title":"Occasioni - Arredamenti T\u00f6tsch srl","og_url":"https:\/\/toetsch.com\/it\/occasioni\/","og_site_name":"Arredamenti T\u00f6tsch srl","article_publisher":"https:\/\/www.facebook.com\/pages\/Ttsch-Einrichtungshaus\/714996031848438","article_modified_time":"2022-04-22T15:08:00+00:00","twitter_card":"summary_large_image","twitter_misc":{"Tempo di lettura stimato":"4 minuti"},"schema":{"@context":"https:\/\/schema.org","@graph":[{"@type":"WebPage","@id":"https:\/\/toetsch.com\/it\/occasioni\/","url":"https:\/\/toetsch.com\/it\/occasioni\/","name":"Occasioni - Arredamenti T\u00f6tsch srl","isPartOf":{"@id":"https:\/\/toetsch.com\/it\/#website"},"datePublished":"2020-01-06T15:35:33+00:00","dateModified":"2022-04-22T15:08:00+00:00","breadcrumb":{"@id":"https:\/\/toetsch.com\/it\/occasioni\/#breadcrumb"},"inLanguage":"it-IT","potentialAction":[{"@type":"ReadAction","target":["https:\/\/toetsch.com\/it\/occasioni\/"]}]},{"@type":"BreadcrumbList","@id":"https:\/\/toetsch.com\/it\/occasioni\/#breadcrumb","itemListElement":[{"@type":"ListItem","position":1,"name":"Startseite","item":"https:\/\/toetsch.com\/it\/"},{"@type":"ListItem","position":2,"name":"Occasioni"}]},{"@type":"WebSite","@id":"https:\/\/toetsch.com\/it\/#website","url":"https:\/\/toetsch.com\/it\/","name":"Arredamenti T\u00f6tsch srl","description":"K\u00fcchen, Schlafen, Wohnen, B\u00fcro, Design aus S\u00fcdtirol","publisher":{"@id":"https:\/\/toetsch.com\/it\/#organization"},"potentialAction":[{"@type":"SearchAction","target":{"@type":"EntryPoint","urlTemplate":"https:\/\/toetsch.com\/it\/?s={search_term_string}"},"query-input":{"@type":"PropertyValueSpecification","valueRequired":true,"valueName":"search_term_string"}}],"inLanguage":"it-IT"},{"@type":"Organization","@id":"https:\/\/toetsch.com\/it\/#organization","name":"T\u00f6tsch Einrichtungshaus","alternateName":"Exklusive Wohnl\u00f6sungen h\u00f6chster Qualit\u00e4t","url":"https:\/\/toetsch.com\/it\/","logo":{"@type":"ImageObject","inLanguage":"it-IT","@id":"https:\/\/toetsch.com\/it\/#\/schema\/logo\/image\/","url":"https:\/\/toetsch.com\/wp-content\/uploads\/2021\/01\/toetsch-logo-2x.png","contentUrl":"https:\/\/toetsch.com\/wp-content\/uploads\/2021\/01\/toetsch-logo-2x.png","width":282,"height":56,"caption":"T\u00f6tsch Einrichtungshaus"},"image":{"@id":"https:\/\/toetsch.com\/it\/#\/schema\/logo\/image\/"},"sameAs":["https:\/\/www.facebook.com\/pages\/Ttsch-Einrichtungshaus\/714996031848438"]}]}},"_links":{"self":[{"href":"https:\/\/toetsch.com\/it\/wp-json\/wp\/v2\/pages\/3683","targetHints":{"allow":["GET"]}}],"collection":[{"href":"https:\/\/toetsch.com\/it\/wp-json\/wp\/v2\/pages"}],"about":[{"href":"https:\/\/toetsch.com\/it\/wp-json\/wp\/v2\/types\/page"}],"author":[{"embeddable":true,"href":"https:\/\/toetsch.com\/it\/wp-json\/wp\/v2\/users\/1"}],"replies":[{"embeddable":true,"href":"https:\/\/toetsch.com\/it\/wp-json\/wp\/v2\/comments?post=3683"}],"version-history":[{"count":1,"href":"https:\/\/toetsch.com\/it\/wp-json\/wp\/v2\/pages\/3683\/revisions"}],"predecessor-version":[{"id":3684,"href":"https:\/\/toetsch.com\/it\/wp-json\/wp\/v2\/pages\/3683\/revisions\/3684"}],"wp:attachment":[{"href":"https:\/\/toetsch.com\/it\/wp-json\/wp\/v2\/media?parent=3683"}],"curies":[{"name":"wp","href":"https:\/\/api.w.org\/{rel}","templated":true}]}}