{"id":3932,"date":"2020-01-06T15:33:38","date_gmt":"2020-01-06T15:33:38","guid":{"rendered":"https:\/\/einrichtungshaus.it\/impressum\/"},"modified":"2026-04-21T18:48:39","modified_gmt":"2026-04-21T16:48:39","slug":"impressum","status":"publish","type":"page","link":"https:\/\/toetsch.com\/it\/impressum\/","title":{"rendered":"Impressum"},"content":{"rendered":"<p><div class=\"fusion-fullwidth fullwidth-box fusion-builder-row-1 fusion-flex-container nonhundred-percent-fullwidth non-hundred-percent-height-scrolling\" style=\"--awb-border-radius-top-left:0px;--awb-border-radius-top-right:0px;--awb-border-radius-bottom-right:0px;--awb-border-radius-bottom-left:0px;--awb-padding-top:6%;--awb-background-color:#fafafa;--awb-flex-wrap:wrap;\" ><div class=\"fusion-builder-row fusion-row fusion-flex-align-items-center fusion-flex-content-wrap\" style=\"max-width:1320.8px;margin-left: calc(-4% \/ 2 );margin-right: calc(-4% \/ 2 );\"><div class=\"fusion-layout-column fusion_builder_column fusion-builder-column-0 fusion_builder_column_1_2 1_2 fusion-flex-column\" style=\"--awb-bg-size:cover;--awb-width-large:50%;--awb-margin-top-large:25px;--awb-spacing-right-large:3.84%;--awb-margin-bottom-large:25px;--awb-spacing-left-large:7.68%;--awb-width-medium:100%;--awb-order-medium:0;--awb-spacing-right-medium:1.92%;--awb-spacing-left-medium:1.92%;--awb-width-small:100%;--awb-order-small:0;--awb-spacing-right-small:1.92%;--awb-spacing-left-small:1.92%;\"><div class=\"fusion-column-wrapper fusion-column-has-shadow fusion-flex-justify-content-center fusion-content-layout-column\"><div class=\"fusion-title title fusion-title-1 fusion-sep-none fusion-title-text fusion-title-size-six\" style=\"--awb-margin-top:0px;--awb-margin-bottom:10px;--awb-margin-bottom-small:10PX;\"><h6 class=\"fusion-title-heading title-heading-left fusion-responsive-typography-calculated\" style=\"margin:0;--fontSize:12;--minFontSize:12;line-height:1.72;\">Committente e responsabile per i contenuti<\/h6><\/div><div class=\"fusion-title title fusion-title-2 fusion-sep-none fusion-title-text fusion-title-size-two\" style=\"--awb-margin-bottom:36px;\"><h2 class=\"fusion-title-heading title-heading-left fusion-responsive-typography-calculated\" style=\"margin:0;--fontSize:44;line-height:1.26;\"><a class=\"awb-custom-text-color awb-custom-text-hover-color\" target=\"_self\">Arredamenti T\u00f6tsch<\/a><\/h2><\/div><div class=\"fusion-separator fusion-no-small-visibility fusion-no-medium-visibility fusion-full-width-sep\" style=\"align-self: center;margin-left: auto;margin-right: auto;margin-top:6%;width:100%;\"><\/div><div class=\"fusion-builder-row fusion-builder-row-inner fusion-row fusion-flex-align-items-center fusion-flex-content-wrap\" style=\"width:104% !important;max-width:104% !important;margin-left: calc(-4% \/ 2 );margin-right: calc(-4% \/ 2 );\"><div class=\"fusion-layout-column fusion_builder_column_inner fusion-builder-nested-column-0 fusion_builder_column_inner_1_2 1_2 fusion-flex-column fusion-flex-align-self-flex-start\" style=\"--awb-bg-size:cover;--awb-width-large:50%;--awb-margin-top-large:25px;--awb-spacing-right-large:13.44%;--awb-margin-bottom-large:0px;--awb-spacing-left-large:3.84%;--awb-width-medium:50%;--awb-order-medium:0;--awb-spacing-right-medium:7.68%;--awb-spacing-left-medium:3.84%;--awb-width-small:50%;--awb-order-small:0;--awb-spacing-right-small:7.68%;--awb-spacing-left-small:3.84%;\"><div class=\"fusion-column-wrapper fusion-column-has-shadow fusion-flex-justify-content-flex-end fusion-content-layout-column\"><div class=\"fusion-separator\" style=\"align-self: flex-start;margin-right:auto;margin-bottom:12px;width:100%;max-width:16px;\"><div class=\"fusion-separator-border sep-single sep-solid\" style=\"--awb-height:20px;--awb-amount:20px;--awb-sep-color:rgba(40,45,51,0.2);border-color:rgba(40,45,51,0.2);border-top-width:3px;\"><\/div><\/div><div class=\"fusion-title title fusion-title-3 fusion-sep-none fusion-title-text fusion-title-size-five\"><h5 class=\"fusion-title-heading title-heading-left fusion-responsive-typography-calculated\" style=\"margin:0;--fontSize:18;--minFontSize:18;line-height:1.68;\">Indirizzo<\/h5><\/div><div class=\"fusion-text fusion-text-1 paragraph-small\" style=\"--awb-text-color:var(--awb-color5);\"><p style=\"font-size: 14px; line-height: 24px;\" data-fusion-font=\"true\">Campo Palu&#8217; 47<br \/>\nPrati di Vizze<br \/>\nI-39049 Vipiteno<\/p>\n<\/div><div class=\"fusion-text fusion-text-2 paragraph-small\" style=\"--awb-text-color:var(--awb-color5);\"><p style=\"font-size: 14px; line-height: 24px;\" data-fusion-font=\"true\">Campo Palu&#8217; 47<br \/>\nPrati di Vizze<br \/>\nI-39049 Vipiteno<\/p>\n<\/div><\/div><\/div><div class=\"fusion-layout-column fusion_builder_column_inner fusion-builder-nested-column-1 fusion_builder_column_inner_1_2 1_2 fusion-flex-column\" style=\"--awb-bg-size:cover;--awb-width-large:50%;--awb-margin-top-large:25px;--awb-spacing-right-large:3.84%;--awb-margin-bottom-large:0px;--awb-spacing-left-large:13.44%;--awb-width-medium:50%;--awb-spacing-right-medium:3.84%;--awb-spacing-left-medium:7.68%;--awb-width-small:50%;--awb-spacing-right-small:3.84%;--awb-spacing-left-small:7.68%;\"><div class=\"fusion-column-wrapper fusion-column-has-shadow fusion-flex-justify-content-flex-start fusion-content-layout-column\"><div class=\"fusion-separator\" style=\"align-self: flex-start;margin-right:auto;margin-bottom:12px;width:100%;max-width:16px;\"><div class=\"fusion-separator-border sep-single sep-solid\" style=\"--awb-height:20px;--awb-amount:20px;--awb-sep-color:rgba(40,45,51,0.2);border-color:rgba(40,45,51,0.2);border-top-width:3px;\"><\/div><\/div><div class=\"fusion-title title fusion-title-4 fusion-sep-none fusion-title-text fusion-title-size-five\"><h5 class=\"fusion-title-heading title-heading-left fusion-responsive-typography-calculated\" style=\"margin:0;--fontSize:18;--minFontSize:18;line-height:1.68;\">Contatti<\/h5><\/div><div class=\"fusion-text fusion-text-3 paragraph-small\"><p style=\"font-size: 14px; line-height: 24px;\" data-fusion-font=\"true\">Tel.: 0472 765593<br \/>\n<a href=\"mailto:info@toetsch.com\">info@toetsch.com<\/a><br \/>\n<a href=\"http:\/\/www.toetsch.com\">www.toetsch.com<\/a><\/p>\n<\/div><\/div><\/div><\/div><\/div><\/div><div class=\"fusion-layout-column fusion_builder_column fusion-builder-column-1 fusion_builder_column_1_2 1_2 fusion-flex-column\" style=\"--awb-bg-size:cover;--awb-width-large:50%;--awb-margin-top-large:25px;--awb-spacing-right-large:3.84%;--awb-margin-bottom-large:25px;--awb-spacing-left-large:7.68%;--awb-width-medium:100%;--awb-order-medium:0;--awb-spacing-right-medium:1.92%;--awb-spacing-left-medium:1.92%;--awb-width-small:100%;--awb-order-small:0;--awb-spacing-right-small:1.92%;--awb-spacing-left-small:1.92%;\"><div class=\"fusion-column-wrapper fusion-column-has-shadow fusion-flex-justify-content-center fusion-content-layout-column\"><div class=\"fusion-title title fusion-title-5 fusion-sep-none fusion-title-text fusion-title-size-six\" style=\"--awb-margin-top:0px;--awb-margin-bottom:10px;--awb-margin-bottom-small:10PX;\"><h6 class=\"fusion-title-heading title-heading-left fusion-responsive-typography-calculated\" style=\"margin:0;--fontSize:12;--minFontSize:12;line-height:1.72;\">Programmazione e hosting<\/h6><\/div><div class=\"fusion-title title fusion-title-6 fusion-sep-none fusion-title-text fusion-title-size-two\" style=\"--awb-margin-bottom:36px;\"><h2 class=\"fusion-title-heading title-heading-left fusion-responsive-typography-calculated\" style=\"margin:0;--fontSize:44;line-height:1.26;\"><a href=\"https:\/\/studio-creation.it\/\" class=\"awb-custom-text-color awb-custom-text-hover-color\" target=\"_self\">Studio Creation<\/a><\/h2><\/div><div class=\"fusion-separator fusion-no-small-visibility fusion-no-medium-visibility fusion-full-width-sep\" style=\"align-self: center;margin-left: auto;margin-right: auto;margin-top:6%;width:100%;\"><\/div><div class=\"fusion-builder-row fusion-builder-row-inner fusion-row fusion-flex-align-items-center fusion-flex-content-wrap\" style=\"width:104% !important;max-width:104% !important;margin-left: calc(-4% \/ 2 );margin-right: calc(-4% \/ 2 );\"><div class=\"fusion-layout-column fusion_builder_column_inner fusion-builder-nested-column-2 fusion_builder_column_inner_1_2 1_2 fusion-flex-column\" style=\"--awb-bg-size:cover;--awb-width-large:50%;--awb-margin-top-large:25px;--awb-spacing-right-large:13.44%;--awb-margin-bottom-large:0px;--awb-spacing-left-large:3.84%;--awb-width-medium:50%;--awb-spacing-right-medium:7.68%;--awb-spacing-left-medium:3.84%;--awb-width-small:50%;--awb-spacing-right-small:7.68%;--awb-spacing-left-small:3.84%;\"><div class=\"fusion-column-wrapper fusion-column-has-shadow fusion-flex-justify-content-flex-start fusion-content-layout-column\"><div class=\"fusion-separator\" style=\"align-self: flex-start;margin-right:auto;margin-bottom:12px;width:100%;max-width:16px;\"><div class=\"fusion-separator-border sep-single sep-solid\" style=\"--awb-height:20px;--awb-amount:20px;--awb-sep-color:rgba(40,45,51,0.2);border-color:rgba(40,45,51,0.2);border-top-width:3px;\"><\/div><\/div><div class=\"fusion-title title fusion-title-7 fusion-sep-none fusion-title-text fusion-title-size-five\"><h5 class=\"fusion-title-heading title-heading-left fusion-responsive-typography-calculated\" style=\"margin:0;--fontSize:18;--minFontSize:18;line-height:1.68;\">Indirizzo<\/h5><\/div><div class=\"fusion-text fusion-text-4 paragraph-small\"><p style=\"font-size: 14px; line-height: 24px;\" data-fusion-font=\"true\">Sch\u00f6lzhorn &amp; Hohenegger<br \/>\nVia Citt\u00e0 Nuova 20A<br \/>\nI-39049 Vipiteno<\/p>\n<\/div><\/div><\/div><div class=\"fusion-layout-column fusion_builder_column_inner fusion-builder-nested-column-3 fusion_builder_column_inner_1_2 1_2 fusion-flex-column\" style=\"--awb-bg-size:cover;--awb-width-large:50%;--awb-margin-top-large:25px;--awb-spacing-right-large:3.84%;--awb-margin-bottom-large:0px;--awb-spacing-left-large:13.44%;--awb-width-medium:50%;--awb-spacing-right-medium:3.84%;--awb-spacing-left-medium:7.68%;--awb-width-small:50%;--awb-spacing-right-small:3.84%;--awb-spacing-left-small:7.68%;\"><div class=\"fusion-column-wrapper fusion-column-has-shadow fusion-flex-justify-content-flex-start fusion-content-layout-column\"><div class=\"fusion-separator\" style=\"align-self: flex-start;margin-right:auto;margin-bottom:12px;width:100%;max-width:16px;\"><div class=\"fusion-separator-border sep-single sep-solid\" style=\"--awb-height:20px;--awb-amount:20px;--awb-sep-color:rgba(40,45,51,0.2);border-color:rgba(40,45,51,0.2);border-top-width:3px;\"><\/div><\/div><div class=\"fusion-title title fusion-title-8 fusion-sep-none fusion-title-text fusion-title-size-five\"><h5 class=\"fusion-title-heading title-heading-left fusion-responsive-typography-calculated\" style=\"margin:0;--fontSize:18;--minFontSize:18;line-height:1.68;\">Contatti<\/h5><\/div><div class=\"fusion-text fusion-text-5 paragraph-small\"><p style=\"font-size: 14px; line-height: 24px;\" data-fusion-font=\"true\"><a href=\"https:\/\/studio-creation.it\">www.studio-creation.it<\/a><\/p>\n<\/div><\/div><\/div><\/div><\/div><\/div><\/div><\/div><div class=\"fusion-fullwidth fullwidth-box fusion-builder-row-2 fusion-flex-container nonhundred-percent-fullwidth non-hundred-percent-height-scrolling\" style=\"--awb-border-radius-top-left:0px;--awb-border-radius-top-right:0px;--awb-border-radius-bottom-right:0px;--awb-border-radius-bottom-left:0px;--awb-padding-bottom:6%;--awb-padding-bottom-medium:60px;--awb-flex-wrap:wrap;\" ><div class=\"fusion-builder-row fusion-row fusion-flex-align-items-stretch fusion-flex-content-wrap\" style=\"max-width:1320.8px;margin-left: calc(-4% \/ 2 );margin-right: calc(-4% \/ 2 );\"><div class=\"fusion-layout-column fusion_builder_column fusion-builder-column-2 fusion_builder_column_1_5 1_5 fusion-flex-column fusion-flex-align-self-flex-start fusion-column-no-min-height\" style=\"--awb-bg-size:cover;--awb-width-large:20%;--awb-margin-top-large:25px;--awb-spacing-right-large:0px;--awb-margin-bottom-large:10px;--awb-spacing-left-large:9.6%;--awb-width-medium:100%;--awb-spacing-right-medium:1.92%;--awb-spacing-left-medium:1.92%;--awb-width-small:100%;--awb-spacing-right-small:1.92%;--awb-spacing-left-small:1.92%;\"><div class=\"fusion-column-wrapper fusion-column-has-shadow fusion-flex-justify-content-flex-start fusion-content-layout-column\"><div class=\"fusion-title title fusion-title-9 fusion-sep-none fusion-title-text fusion-title-size-six\" style=\"--awb-margin-top:0px;--awb-margin-bottom:10px;--awb-margin-bottom-small:10PX;\"><h6 class=\"fusion-title-heading title-heading-left fusion-responsive-typography-calculated\" style=\"margin:0;--fontSize:12;--minFontSize:12;line-height:1.72;\">Casa d&#8217;arredamento in Alto Adige<\/h6><\/div><div class=\"fusion-title title fusion-title-10 fusion-sep-none fusion-title-text fusion-title-size-two\"><h2 class=\"fusion-title-heading title-heading-left fusion-responsive-typography-calculated\" style=\"margin:0;--fontSize:44;line-height:1.26;\">Bello senza tempo<\/h2><\/div><\/div><\/div><div class=\"fusion-layout-column fusion_builder_column fusion-builder-column-3 fusion_builder_column_2_5 2_5 fusion-flex-column fusion-column-inner-bg-wrapper\" style=\"--awb-padding-top:240px;--awb-padding-bottom:240px;--awb-inner-bg-image:linear-gradient(90deg, #ffffff 8%,rgba(255,255,255,0) 50%),url(https:\/\/toetsch.com\/wp-content\/uploads\/2020\/01\/large-project-intro-scaled-1.jpg);;--awb-inner-bg-position:center center;--awb-inner-bg-size:cover;--awb-width-large:40%;--awb-margin-top-large:25px;--awb-spacing-right-large:12px;--awb-margin-bottom-large:25px;--awb-spacing-left-large:12px;--awb-width-medium:100%;--awb-spacing-right-medium:1.92%;--awb-margin-bottom-medium:0px;--awb-spacing-left-medium:1.92%;--awb-width-small:100%;--awb-spacing-right-small:1.92%;--awb-margin-bottom-small:0px;--awb-spacing-left-small:1.92%;\"><span class=\"fusion-column-inner-bg hover-type-zoomin\"><span class=\"fusion-column-anchor\"><span class=\"fusion-column-inner-bg-image\"><\/span><\/span><\/span><div class=\"fusion-column-wrapper fusion-column-has-shadow fusion-flex-justify-content-flex-start fusion-content-layout-column fusion-empty-column-bg-image fusion-column-has-bg-image\" data-bg-url=\"https:\/\/toetsch.com\/wp-content\/uploads\/2020\/01\/large-project-intro-scaled-1.jpg\"><img decoding=\"async\" class=\"fusion-empty-dims-img-placeholder fusion-no-large-visibility\" aria-label=\"Modern Leather Sofa\" src=\"data:image\/svg+xml,%3Csvg%20xmlns%3D%27http%3A%2F%2Fwww.w3.org%2F2000%2Fsvg%27%20width%3D%271786%27%20height%3D%272560%27%20viewBox%3D%270%200%201786%202560%27%3E%3Crect%20width%3D%271786%27%20height%3D%272560%27%20fill-opacity%3D%220%22%2F%3E%3C%2Fsvg%3E\"><\/div><\/div><div class=\"fusion-layout-column fusion_builder_column fusion-builder-column-4 fusion_builder_column_2_5 2_5 fusion-flex-column fusion-flex-align-self-flex-end\" style=\"--awb-bg-size:cover;--awb-width-large:40%;--awb-margin-top-large:25px;--awb-spacing-right-large:4.8%;--awb-margin-bottom-large:25px;--awb-spacing-left-large:12px;--awb-width-medium:100%;--awb-spacing-right-medium:1.92%;--awb-spacing-left-medium:1.92%;--awb-width-small:100%;--awb-spacing-right-small:1.92%;--awb-spacing-left-small:1.92%;\"><div class=\"fusion-column-wrapper fusion-column-has-shadow fusion-flex-justify-content-flex-start fusion-content-layout-column\"><div class=\"fusion-builder-row fusion-builder-row-inner fusion-row fusion-flex-align-items-stretch fusion-flex-content-wrap\" style=\"width:104% !important;max-width:104% !important;margin-left: calc(-4% \/ 2 );margin-right: calc(-4% \/ 2 );\"><div class=\"fusion-layout-column fusion_builder_column_inner fusion-builder-nested-column-4 fusion_builder_column_inner_1_1 1_1 fusion-flex-column\" style=\"--awb-padding-top:8%;--awb-padding-right:8%;--awb-padding-bottom:6%;--awb-padding-left:8%;--awb-bg-color:#181b20;--awb-bg-color-hover:#181b20;--awb-bg-size:cover;--awb-width-large:100%;--awb-margin-top-large:0px;--awb-spacing-right-large:1.92%;--awb-margin-bottom-large:0px;--awb-spacing-left-large:1.92%;--awb-width-medium:100%;--awb-spacing-right-medium:1.92%;--awb-spacing-left-medium:1.92%;--awb-width-small:100%;--awb-spacing-right-small:1.92%;--awb-spacing-left-small:1.92%;\"><div class=\"fusion-column-wrapper fusion-column-has-shadow fusion-flex-justify-content-flex-start fusion-content-layout-column\"><i class=\"fb-icon-element-1 fb-icon-element fontawesome-icon fa-camera-retro fas circle-no fusion-text-flow\" style=\"--awb-font-size:32px;--awb-margin-bottom:24px;\"><\/i><div class=\"fusion-title title fusion-title-11 fusion-sep-none fusion-title-text fusion-title-size-five\" style=\"--awb-text-color:#ffffff;--awb-margin-top:0px;--awb-margin-top-small:0px;\"><h5 class=\"fusion-title-heading title-heading-left fusion-responsive-typography-calculated\" style=\"margin:0;--fontSize:18;--minFontSize:18;line-height:1.68;\">Crediti fotografici<\/h5><\/div><div class=\"fusion-text fusion-text-6\"><p><span style=\"color: #ffffff;\">Elena M\u00fchlsteiger, Studio Creation, Kurt T\u00f6tsch, Cataloghi prodotti dai nostri fornitori.<\/span><\/p>\n<\/div><div class=\"fusion-separator fusion-full-width-sep\" style=\"align-self: center;margin-left: auto;margin-right: auto;margin-top:10px;margin-bottom:30px;width:100%;\"><div class=\"fusion-separator-border sep-single sep-solid\" style=\"--awb-height:20px;--awb-amount:20px;--awb-sep-color:rgba(252,252,252,0.06);border-color:rgba(252,252,252,0.06);border-top-width:1px;\"><\/div><\/div><div style=\"text-align:right;\"><a class=\"fusion-button button-flat fusion-button-default-size button-default fusion-button-default button-1 fusion-button-span-no fusion-button-default-type\" target=\"_self\" href=\"https:\/\/toetsch.com\/it\/prodotti\/\"><span class=\"fusion-button-text awb-button__text awb-button__text--default\">La nostra gamma<\/span><i class=\"fa-arrow-right fas awb-button__icon awb-button__icon--default button-icon-right\" aria-hidden=\"true\"><\/i><\/a><\/div><\/div><\/div><\/div><\/div><\/div><\/div><\/div><div class=\"fusion-fullwidth fullwidth-box fusion-builder-row-3 fusion-flex-container nonhundred-percent-fullwidth non-hundred-percent-height-scrolling\" style=\"--awb-border-radius-top-left:0px;--awb-border-radius-top-right:0px;--awb-border-radius-bottom-right:0px;--awb-border-radius-bottom-left:0px;--awb-padding-top:2%;--awb-flex-wrap:wrap;\" ><div class=\"fusion-builder-row fusion-row fusion-flex-align-items-flex-start fusion-flex-content-wrap\" style=\"max-width:1320.8px;margin-left: calc(-4% \/ 2 );margin-right: calc(-4% \/ 2 );\"><div class=\"fusion-layout-column fusion_builder_column fusion-builder-column-5 fusion_builder_column_1_1 1_1 fusion-flex-column\" style=\"--awb-bg-size:cover;--awb-width-large:100%;--awb-margin-top-large:25px;--awb-spacing-right-large:1.92%;--awb-margin-bottom-large:20px;--awb-spacing-left-large:1.92%;--awb-width-medium:100%;--awb-spacing-right-medium:1.92%;--awb-spacing-left-medium:1.92%;--awb-width-small:100%;--awb-spacing-right-small:1.92%;--awb-spacing-left-small:1.92%;\"><div class=\"fusion-column-wrapper fusion-column-has-shadow fusion-flex-justify-content-flex-start fusion-content-layout-column\"><div class=\"fusion-title title fusion-title-12 fusion-sep-none fusion-title-text fusion-title-size-two\" style=\"--awb-margin-bottom-small:0px;\"><h2 class=\"fusion-title-heading title-heading-left fusion-responsive-typography-calculated\" style=\"margin:0;--fontSize:44;line-height:1.26;\">DATI PERSONALI<\/h2><\/div><div class=\"fusion-title title fusion-title-13 fusion-sep-none fusion-title-text fusion-title-size-three\" style=\"--awb-margin-bottom-small:0px;\"><h3 class=\"fusion-title-heading title-heading-left fusion-responsive-typography-calculated\" style=\"margin:0;--fontSize:28;line-height:1.32;\">per l&#8217;uso di Google Analytics<\/h3><\/div><div class=\"fusion-text fusion-text-7\"><p>\u201cThis website uses Google Analytics, a web analytics service provided by Google, Inc. (\u201cGoogle\u201d). Google Analytics uses \u201ccookies\u201d, which are text files placed on your computer, to help the website analyze how users use the site. The information generated by the cookie about your use of the website (including your IP address) will be transmitted to and stored by Google on servers in the United States . Google will use this information for the purpose of evaluating your use of the website, compiling reports on website activity for website operators and providing other services relating to website activity and internet usage. Google may also transfer this information to third parties where required to do so by law, or where such third parties process the information on Google\u2019s behalf. Google will not associate your IP address with any other data held by Google. You may refuse the use of cookies by selecting the appropriate settings on your browser, however please note that if you do this you may not be able to use the full functionality of this website. By using this website, you consent to the processing of data about you by Google in the manner and for the purposes set out above.\u201d<\/p>\n<p>Cookie-policy Google Analytics:\u00a0<a title=\"https:\/\/www.google.com\/intl\/it\/policies\/privacy\/\" href=\"https:\/\/www.google.com\/intl\/it\/policies\/privacy\/\" target=\"_blank\" rel=\"noopener\">https:\/\/www.google.com\/intl\/it\/policies\/privacy\/<\/a><\/p>\n<p>Informazione obbligatoria ai sensi del Regolamento UE n. 524\/2016 del Parlamento europeo e del Consiglio Piattaforma per la risoluzione delle controversie online dei consumatori (ODR) della Commissione europea:\u00a0<a title=\"https:\/\/ec.europa.eu\/consumers\/odr\/\" href=\"https:\/\/ec.europa.eu\/consumers\/odr\/\" target=\"_blank\" rel=\"noopener\">https:\/\/ec.europa.eu\/consumers\/odr\/<\/a><\/p>\n<\/div><\/div><\/div><\/div><\/div><div class=\"fusion-fullwidth fullwidth-box fusion-builder-row-4 fusion-flex-container nonhundred-percent-fullwidth non-hundred-percent-height-scrolling\" style=\"--awb-border-radius-top-left:0px;--awb-border-radius-top-right:0px;--awb-border-radius-bottom-right:0px;--awb-border-radius-bottom-left:0px;--awb-padding-top:2%;--awb-flex-wrap:wrap;\" ><div class=\"fusion-builder-row fusion-row fusion-flex-align-items-flex-start fusion-flex-content-wrap\" style=\"max-width:1320.8px;margin-left: calc(-4% \/ 2 );margin-right: calc(-4% \/ 2 );\"><div class=\"fusion-layout-column fusion_builder_column fusion-builder-column-6 fusion_builder_column_1_1 1_1 fusion-flex-column\" style=\"--awb-bg-size:cover;--awb-width-large:100%;--awb-margin-top-large:25px;--awb-spacing-right-large:1.92%;--awb-margin-bottom-large:20px;--awb-spacing-left-large:1.92%;--awb-width-medium:100%;--awb-spacing-right-medium:1.92%;--awb-spacing-left-medium:1.92%;--awb-width-small:100%;--awb-spacing-right-small:1.92%;--awb-spacing-left-small:1.92%;\"><div class=\"fusion-column-wrapper fusion-column-has-shadow fusion-flex-justify-content-flex-start fusion-content-layout-column\"><div class=\"fusion-title title fusion-title-14 fusion-sep-none fusion-title-text fusion-title-size-two\" style=\"--awb-margin-bottom-small:0px;\"><h2 class=\"fusion-title-heading title-heading-left fusion-responsive-typography-calculated\" style=\"margin:0;--fontSize:44;line-height:1.26;\">Link e contenuti<\/h2><\/div><div class=\"fusion-text fusion-text-8\"><p>Sottolineamo che non abbiamo nessuna influenza sui contenuti e sulla programmazione grafica di tutte le pagine che sono collegate tramite link da questa pagina. Per questo motivo non ci prendiamo nessuna responsabilit\u00e0 e non garantiamo in alcun modo per i contenuti delle pagine collegate. Ci distanziamo quindi in modo assoluto da ogni tipo di contenuto, che potrebbe non corrispondere alla nostra opinione. Non abbiamo nessuna influenza sui contenuti dei siti web che sono collegati (tramite link) da questo sito. Non ci assumiamo quindi nessuna responsabilit\u00e0 per i contenuti di questi siti web.<\/p>\n<p><strong>Avvertenze su Google Analytics<br \/>\n<\/strong>Avvertiamo, che su questo sito \u00e8 in uso Google Analytics, un servizio analitico della Google Inc. (\u201cGoogle\u201d).<\/p>\n<\/div><\/div><\/div><\/div><\/div><div class=\"fusion-fullwidth fullwidth-box fusion-builder-row-5 fusion-flex-container fusion-parallax-none nonhundred-percent-fullwidth non-hundred-percent-height-scrolling\" style=\"--awb-border-radius-top-left:0px;--awb-border-radius-top-right:0px;--awb-border-radius-bottom-right:0px;--awb-border-radius-bottom-left:0px;--awb-padding-top:6%;--awb-padding-bottom:5%;--awb-background-color:rgba(24,27,32,0.5);--awb-background-image:url(&quot;https:\/\/toetsch.com\/wp-content\/uploads\/2020\/01\/subscribe-form-large.jpg&quot;);--awb-background-size:cover;--awb-flex-wrap:wrap;\" ><div class=\"fusion-builder-row fusion-row fusion-flex-align-items-flex-start fusion-flex-content-wrap\" style=\"max-width:1320.8px;margin-left: calc(-4% \/ 2 );margin-right: calc(-4% \/ 2 );\"><div class=\"fusion-layout-column fusion_builder_column fusion-builder-column-7 fusion_builder_column_1_2 1_2 fusion-flex-column\" style=\"--awb-bg-size:cover;--awb-width-large:50%;--awb-margin-top-large:25px;--awb-spacing-right-large:6.72%;--awb-margin-bottom-large:25px;--awb-spacing-left-large:3.84%;--awb-width-medium:100%;--awb-spacing-right-medium:1.92%;--awb-spacing-left-medium:1.92%;--awb-width-small:100%;--awb-spacing-right-small:1.92%;--awb-spacing-left-small:1.92%;\"><div class=\"fusion-column-wrapper fusion-column-has-shadow fusion-flex-justify-content-flex-start fusion-content-layout-column\"><div class=\"fusion-title title fusion-title-15 fusion-sep-none fusion-title-text fusion-title-size-six\" style=\"--awb-text-color:#ffffff;--awb-margin-bottom:10px;--awb-margin-bottom-small:10px;\"><h6 class=\"fusion-title-heading title-heading-left fusion-responsive-typography-calculated\" style=\"margin:0;--fontSize:12;--minFontSize:12;line-height:1.72;\">T\u00f6tsch srl<\/h6><\/div><div class=\"fusion-title title fusion-title-16 fusion-sep-none fusion-title-text fusion-title-size-two\" style=\"--awb-text-color:#ffffff;\"><h2 class=\"fusion-title-heading title-heading-left fusion-responsive-typography-calculated\" style=\"margin:0;--fontSize:44;line-height:1.26;\">Con progettazione offriamo approfondite soluzioni per concetti abitativi particolari.<\/h2><\/div><div class=\"fusion-separator fusion-full-width-sep\" style=\"align-self: center;margin-left: auto;margin-right: auto;margin-top:6px;margin-bottom:12px;width:100%;\"><\/div><div style=\"text-align:left;\"><a class=\"fusion-button button-flat fusion-button-default-size button-default fusion-button-default button-2 fusion-button-default-span fusion-button-default-type\" target=\"_self\" href=\"https:\/\/toetsch.com\/it\/contatti\/\"><span class=\"fusion-button-text awb-button__text awb-button__text--default\">Contattateci<\/span><\/a><\/div><\/div><\/div><div class=\"fusion-layout-column fusion_builder_column fusion-builder-column-8 fusion_builder_column_1_2 1_2 fusion-flex-column fusion-no-small-visibility fusion-no-medium-visibility\" style=\"--awb-bg-size:cover;--awb-width-large:50%;--awb-margin-top-large:25px;--awb-spacing-right-large:3.84%;--awb-margin-bottom-large:25px;--awb-spacing-left-large:6.72%;--awb-width-medium:100%;--awb-spacing-right-medium:1.92%;--awb-spacing-left-medium:1.92%;--awb-width-small:100%;--awb-spacing-right-small:1.92%;--awb-spacing-left-small:1.92%;\"><div class=\"fusion-column-wrapper fusion-column-has-shadow fusion-flex-justify-content-flex-start fusion-content-layout-column\"><\/div><\/div><\/div><\/div><div class=\"fusion-fullwidth fullwidth-box fusion-builder-row-6 fusion-flex-container nonhundred-percent-fullwidth non-hundred-percent-height-scrolling\" style=\"--awb-border-radius-top-left:0px;--awb-border-radius-top-right:0px;--awb-border-radius-bottom-right:0px;--awb-border-radius-bottom-left:0px;--awb-padding-top:2%;--awb-flex-wrap:wrap;\" ><div class=\"fusion-builder-row fusion-row fusion-flex-align-items-flex-start fusion-flex-content-wrap\" style=\"max-width:1320.8px;margin-left: calc(-4% \/ 2 );margin-right: calc(-4% \/ 2 );\"><div class=\"fusion-layout-column fusion_builder_column fusion-builder-column-9 fusion_builder_column_1_1 1_1 fusion-flex-column\" style=\"--awb-bg-size:cover;--awb-width-large:100%;--awb-margin-top-large:25px;--awb-spacing-right-large:1.92%;--awb-margin-bottom-large:20px;--awb-spacing-left-large:1.92%;--awb-width-medium:100%;--awb-spacing-right-medium:1.92%;--awb-spacing-left-medium:1.92%;--awb-width-small:100%;--awb-spacing-right-small:1.92%;--awb-spacing-left-small:1.92%;\"><div class=\"fusion-column-wrapper fusion-column-has-shadow fusion-flex-justify-content-flex-start fusion-content-layout-column\"><div class=\"fusion-title title fusion-title-17 fusion-sep-none fusion-title-text fusion-title-size-two\" style=\"--awb-margin-bottom-small:0px;\"><h2 class=\"fusion-title-heading title-heading-left fusion-responsive-typography-calculated\" style=\"margin:0;--fontSize:44;line-height:1.26;\">Privacy<\/h2><\/div><div class=\"fusion-title title fusion-title-18 fusion-sep-none fusion-title-text fusion-title-size-three\" style=\"--awb-margin-bottom-small:0px;\"><h3 class=\"fusion-title-heading title-heading-left fusion-responsive-typography-calculated\" style=\"margin:0;--fontSize:28;line-height:1.32;\">Informativa resa ai sensi del D.lgs. del 30.06.2003 \u201cCodice della Privacy<\/h3><\/div><div class=\"fusion-text fusion-text-9\"><p>Ai sensi dell\u2019art. 13, Dlgs 30 giugno 2003 n. 196 INFORMIAMO che SinfoTel Soc.Coop.ar.l. tratta dati personali di clienti e di fornitori e di soggetti che comunicano volontariamente (telefonicamente o via fax o via eMail o tramite registrazione sul nostro sito web) i loro dati anagrafici alla nostra azienda, e di soggetti i cui dati sono stati raccolti presso terzi in occasione, ad esempio, di operazione di acquisizione di dati esterni per informazioni commerciali, elenchi pubblici ecc., nell\u2019ultimo caso trattasi esclusivamente di dati personali di natura comune.<\/p>\n<p>La nostra residence garantisce nell\u2019ambito delle previsioni normative che il trattamento dei dati personali si svolge nel rispetto dei diritti e delle libert\u00e0 fondamentali, nonch\u00e9 della dignit\u00e0 dell\u2019interessato, con particolare riferimento alla riservatezza, all\u2019identit\u00e0 personale e al diritto alla protezione dei dati personali.<\/p>\n<p><strong>Finalit\u00e0 del trattamento:<\/strong><\/p>\n<ul>\n<li>adempiere agli obblighi di legge, dai regolamenti, dalla normativa comunitaria, da norme civilistiche e fiscali<\/li>\n<li>adempiere agli eventuali obblighi contrattuali nei confronti del interessato<\/li>\n<li>adempiere ad attivit\u00e0 connesse all\u2019attivit\u00e0 economica della nostra societ\u00e0, come compilazione delle anagrafiche e statistiche interne, per la fatturazione, la tenuta della contabilit\u00e0 clienti-fornitori<\/li>\n<li>finalit\u00e0 di tipo commerciale, come invio di informazioni commerciali e materiale pubblicitario (via posta, fax ed e-mail), di marketing e ricerche di mercato<\/li>\n<li>la tutela dei crediti e la gestione dei debiti<\/li>\n<li>finalit\u00e0 assicurative, in particolare per assicurazioni crediti<\/li>\n<li>Ambito di comunicazione e diffusione:<\/li>\n<li>In relazione alle finalit\u00e0 di cui sopra i Suoi dati personali verranno comunicati se necessario:<\/li>\n<\/ul>\n<p><strong>Alle Pubbliche Amministrazioni ed Autorit\u00e0, ove previsto dalla legge<\/strong><\/p>\n<ul>\n<li>ad Istituti di credito con i quali la ns. ditta ha rapporti per la gestione dei crediti\/debiti e l\u2019intermediazione finanziaria<\/li>\n<li>a tutte quelle persone fisiche e\/o giuridiche, pubbliche e\/o private (studi di consulenza legale, amministrativa e fiscale, uffici giudiziari, Camere di Commercio ecc.), quando la comunicazione risulti necessaria o funzionale allo svolgimento della nostra attivit\u00e0<\/li>\n<li>a fornitori\/produttori al fine di registrare i prodotti.<\/li>\n<li>I dati personali trattati dalla nostra societ\u00e0 non sono soggetti a diffusione.<\/li>\n<\/ul>\n<p><strong>Modalit\u00e0 di trattamento:<br \/>\n<\/strong><br \/>\nIl trattamento potr\u00e0 effettuarsi con o senza l\u2019ausilio di mezzi elettronici e comunque automatizzati e comprender\u00e0 tutte le operazioni previste all\u2019art. 4 comma 1, lettera a, Dlgs. 30 giugno 2003 n. 196 e necessarie al trattamento in questione. Comunque il trattamento sar\u00e0 effettuato nell\u2019osservanza di ogni misura cautelativa, che ne garantisca la sicurezza e la riservatezza.<\/p>\n<p><strong>Dati di navigazione Internet:<\/strong><\/p>\n<p>I sistemi informatici e le procedure software preposte al funzionamento del sito web toetsch.com acquisiscono, nel corso del loro normale esercizio, alcuni dati personali, la cui trasmissione \u00e8 implicita nell\u2019uso dei protocolli di comunicazione di Internet.<\/p>\n<p>Si tratta di informazioni che non sono raccolte per essere associate a interessati identificati, ma che per loro stessa natura potrebbero, attraverso elaborazioni ed associazioni con dati detenuti da terzi, permettere di identificare gli utenti. In questa categoria di dati rientrano gli indirizzi IP o i nomi di dominio dei computer utilizzati dagli utenti che si connettono al sito, gli indirizzi in notazione URI (Uniform Resource Identifier) delle risorse richieste, l\u2019orario della richiesta ed altri parametri relativi al sistema operativo e all\u2019ambiente informatico dell\u2019utente.<\/p>\n<p>Questi dati vengono utilizzati al solo fine di ricavare informazioni statistiche anonime sull\u2019uso del sito e per controllarne il corretto funzionamento. I dati in questione potrebbero essere utilizzati per l\u2019accertamento di responsabilit\u00e0 in caso di eventuali reati informatici ai danni del nostro sito.<\/p>\n<p><strong>Diritti dell\u2019interessato:<\/strong><\/p>\n<p>Il Codice della Privacy conferisce agli interessati l\u2019esercizio di specifici diritti di cui all\u2019art. 7. In particolare pu\u00f2 ottenere dal titolare la conferma dell\u2019esistenza o meno di propri dati personali che lo riguardano e la loro comunicazione in forma intelligibile. L\u2019interessato pu\u00f2 altres\u00ec chiedere di conoscere l\u2019origine dei dati, le finalit\u00e0 e modalit\u00e0 del trattamento nonch\u00e9 la logica applicata in caso trattamento effettuato con l\u2019ausilio di strumenti elettronici, l\u2019identificazione degli estremi identificativi del titolare, dei responsabili nominati e dei soggetti e categorie di soggetti ai quali i dati possono essere comunicati o che possono venire a conoscenza.<\/p>\n<p>L\u2019interessato ha il diritto di ottenere l\u2019aggiornamento, la rettificazione e l\u2019integrazione, ovvero la cancellazione, la trasformazione in via anonima o il blocco dei dati trattati in violazione di legge. L\u2019interessato ha diritto di opporsi, in tutto o in parte, per motivi legittimi, al trattamento dei dati personali che lo riguardano, e senza motivo al trattamento dei dati che lo riguardano a fini di invio di materiale pubblicitario o di vendita diretta o per il compimento di ricerche di mercato o di comunicazione commerciale.<\/p>\n<p>I diritti in oggetto possono essere esercitati, anche per il tramite di un incaricato, mediante richiesta rivolta al responsabile del trattamento nominato \u2013 Campo Palu&#8217; 47 | I-39049 Prati di Vizze \u2013 con lettera raccomandata o eMail all\u2019indirizzo info@toetsch.com.<\/p>\n<\/div><\/div><\/div><\/div><\/div><\/p>\n","protected":false},"excerpt":{"rendered":"","protected":false},"author":1,"featured_media":0,"parent":0,"menu_order":0,"comment_status":"closed","ping_status":"closed","template":"100-width.php","meta":{"_acf_changed":false,"footnotes":""},"class_list":["post-3932","page","type-page","status-publish","hentry"],"acf":[],"yoast_head":"<!-- This site is optimized with the Yoast SEO plugin v27.5 - https:\/\/yoast.com\/product\/yoast-seo-wordpress\/ -->\n<title>Impressum - Arredamenti T\u00f6tsch srl<\/title>\n<meta name=\"robots\" content=\"index, follow, max-snippet:-1, max-image-preview:large, max-video-preview:-1\" \/>\n<link rel=\"canonical\" href=\"https:\/\/toetsch.com\/it\/impressum\/\" \/>\n<meta property=\"og:locale\" content=\"it_IT\" \/>\n<meta property=\"og:type\" content=\"article\" \/>\n<meta property=\"og:title\" content=\"Impressum - Arredamenti T\u00f6tsch srl\" \/>\n<meta property=\"og:url\" content=\"https:\/\/toetsch.com\/it\/impressum\/\" \/>\n<meta property=\"og:site_name\" content=\"Arredamenti T\u00f6tsch srl\" \/>\n<meta property=\"article:publisher\" content=\"https:\/\/www.facebook.com\/pages\/Ttsch-Einrichtungshaus\/714996031848438\" \/>\n<meta property=\"article:modified_time\" content=\"2026-04-21T16:48:39+00:00\" \/>\n<meta name=\"twitter:card\" content=\"summary_large_image\" \/>\n<meta name=\"twitter:label1\" content=\"Tempo di lettura stimato\" \/>\n\t<meta name=\"twitter:data1\" content=\"52 minuti\" \/>\n<script type=\"application\/ld+json\" class=\"yoast-schema-graph\">{\"@context\":\"https:\\\/\\\/schema.org\",\"@graph\":[{\"@type\":\"WebPage\",\"@id\":\"https:\\\/\\\/toetsch.com\\\/it\\\/impressum\\\/\",\"url\":\"https:\\\/\\\/toetsch.com\\\/it\\\/impressum\\\/\",\"name\":\"Impressum - Arredamenti T\u00f6tsch srl\",\"isPartOf\":{\"@id\":\"https:\\\/\\\/toetsch.com\\\/it\\\/#website\"},\"datePublished\":\"2020-01-06T15:33:38+00:00\",\"dateModified\":\"2026-04-21T16:48:39+00:00\",\"breadcrumb\":{\"@id\":\"https:\\\/\\\/toetsch.com\\\/it\\\/impressum\\\/#breadcrumb\"},\"inLanguage\":\"it-IT\",\"potentialAction\":[{\"@type\":\"ReadAction\",\"target\":[\"https:\\\/\\\/toetsch.com\\\/it\\\/impressum\\\/\"]}]},{\"@type\":\"BreadcrumbList\",\"@id\":\"https:\\\/\\\/toetsch.com\\\/it\\\/impressum\\\/#breadcrumb\",\"itemListElement\":[{\"@type\":\"ListItem\",\"position\":1,\"name\":\"Startseite\",\"item\":\"https:\\\/\\\/toetsch.com\\\/it\\\/\"},{\"@type\":\"ListItem\",\"position\":2,\"name\":\"Impressum\"}]},{\"@type\":\"WebSite\",\"@id\":\"https:\\\/\\\/toetsch.com\\\/it\\\/#website\",\"url\":\"https:\\\/\\\/toetsch.com\\\/it\\\/\",\"name\":\"Arredamenti T\u00f6tsch srl\",\"description\":\"K\u00fcchen, Schlafen, Wohnen, B\u00fcro, Design aus S\u00fcdtirol\",\"publisher\":{\"@id\":\"https:\\\/\\\/toetsch.com\\\/it\\\/#organization\"},\"potentialAction\":[{\"@type\":\"SearchAction\",\"target\":{\"@type\":\"EntryPoint\",\"urlTemplate\":\"https:\\\/\\\/toetsch.com\\\/it\\\/?s={search_term_string}\"},\"query-input\":{\"@type\":\"PropertyValueSpecification\",\"valueRequired\":true,\"valueName\":\"search_term_string\"}}],\"inLanguage\":\"it-IT\"},{\"@type\":\"Organization\",\"@id\":\"https:\\\/\\\/toetsch.com\\\/it\\\/#organization\",\"name\":\"T\u00f6tsch Einrichtungshaus\",\"alternateName\":\"Exklusive Wohnl\u00f6sungen h\u00f6chster Qualit\u00e4t\",\"url\":\"https:\\\/\\\/toetsch.com\\\/it\\\/\",\"logo\":{\"@type\":\"ImageObject\",\"inLanguage\":\"it-IT\",\"@id\":\"https:\\\/\\\/toetsch.com\\\/it\\\/#\\\/schema\\\/logo\\\/image\\\/\",\"url\":\"https:\\\/\\\/toetsch.com\\\/wp-content\\\/uploads\\\/2021\\\/01\\\/toetsch-logo-2x.png\",\"contentUrl\":\"https:\\\/\\\/toetsch.com\\\/wp-content\\\/uploads\\\/2021\\\/01\\\/toetsch-logo-2x.png\",\"width\":282,\"height\":56,\"caption\":\"T\u00f6tsch Einrichtungshaus\"},\"image\":{\"@id\":\"https:\\\/\\\/toetsch.com\\\/it\\\/#\\\/schema\\\/logo\\\/image\\\/\"},\"sameAs\":[\"https:\\\/\\\/www.facebook.com\\\/pages\\\/Ttsch-Einrichtungshaus\\\/714996031848438\"]}]}<\/script>\n<!-- \/ Yoast SEO plugin. -->","yoast_head_json":{"title":"Impressum - Arredamenti T\u00f6tsch srl","robots":{"index":"index","follow":"follow","max-snippet":"max-snippet:-1","max-image-preview":"max-image-preview:large","max-video-preview":"max-video-preview:-1"},"canonical":"https:\/\/toetsch.com\/it\/impressum\/","og_locale":"it_IT","og_type":"article","og_title":"Impressum - Arredamenti T\u00f6tsch srl","og_url":"https:\/\/toetsch.com\/it\/impressum\/","og_site_name":"Arredamenti T\u00f6tsch srl","article_publisher":"https:\/\/www.facebook.com\/pages\/Ttsch-Einrichtungshaus\/714996031848438","article_modified_time":"2026-04-21T16:48:39+00:00","twitter_card":"summary_large_image","twitter_misc":{"Tempo di lettura stimato":"52 minuti"},"schema":{"@context":"https:\/\/schema.org","@graph":[{"@type":"WebPage","@id":"https:\/\/toetsch.com\/it\/impressum\/","url":"https:\/\/toetsch.com\/it\/impressum\/","name":"Impressum - Arredamenti T\u00f6tsch srl","isPartOf":{"@id":"https:\/\/toetsch.com\/it\/#website"},"datePublished":"2020-01-06T15:33:38+00:00","dateModified":"2026-04-21T16:48:39+00:00","breadcrumb":{"@id":"https:\/\/toetsch.com\/it\/impressum\/#breadcrumb"},"inLanguage":"it-IT","potentialAction":[{"@type":"ReadAction","target":["https:\/\/toetsch.com\/it\/impressum\/"]}]},{"@type":"BreadcrumbList","@id":"https:\/\/toetsch.com\/it\/impressum\/#breadcrumb","itemListElement":[{"@type":"ListItem","position":1,"name":"Startseite","item":"https:\/\/toetsch.com\/it\/"},{"@type":"ListItem","position":2,"name":"Impressum"}]},{"@type":"WebSite","@id":"https:\/\/toetsch.com\/it\/#website","url":"https:\/\/toetsch.com\/it\/","name":"Arredamenti T\u00f6tsch srl","description":"K\u00fcchen, Schlafen, Wohnen, B\u00fcro, Design aus S\u00fcdtirol","publisher":{"@id":"https:\/\/toetsch.com\/it\/#organization"},"potentialAction":[{"@type":"SearchAction","target":{"@type":"EntryPoint","urlTemplate":"https:\/\/toetsch.com\/it\/?s={search_term_string}"},"query-input":{"@type":"PropertyValueSpecification","valueRequired":true,"valueName":"search_term_string"}}],"inLanguage":"it-IT"},{"@type":"Organization","@id":"https:\/\/toetsch.com\/it\/#organization","name":"T\u00f6tsch Einrichtungshaus","alternateName":"Exklusive Wohnl\u00f6sungen h\u00f6chster Qualit\u00e4t","url":"https:\/\/toetsch.com\/it\/","logo":{"@type":"ImageObject","inLanguage":"it-IT","@id":"https:\/\/toetsch.com\/it\/#\/schema\/logo\/image\/","url":"https:\/\/toetsch.com\/wp-content\/uploads\/2021\/01\/toetsch-logo-2x.png","contentUrl":"https:\/\/toetsch.com\/wp-content\/uploads\/2021\/01\/toetsch-logo-2x.png","width":282,"height":56,"caption":"T\u00f6tsch Einrichtungshaus"},"image":{"@id":"https:\/\/toetsch.com\/it\/#\/schema\/logo\/image\/"},"sameAs":["https:\/\/www.facebook.com\/pages\/Ttsch-Einrichtungshaus\/714996031848438"]}]}},"_links":{"self":[{"href":"https:\/\/toetsch.com\/it\/wp-json\/wp\/v2\/pages\/3932","targetHints":{"allow":["GET"]}}],"collection":[{"href":"https:\/\/toetsch.com\/it\/wp-json\/wp\/v2\/pages"}],"about":[{"href":"https:\/\/toetsch.com\/it\/wp-json\/wp\/v2\/types\/page"}],"author":[{"embeddable":true,"href":"https:\/\/toetsch.com\/it\/wp-json\/wp\/v2\/users\/1"}],"replies":[{"embeddable":true,"href":"https:\/\/toetsch.com\/it\/wp-json\/wp\/v2\/comments?post=3932"}],"version-history":[{"count":10,"href":"https:\/\/toetsch.com\/it\/wp-json\/wp\/v2\/pages\/3932\/revisions"}],"predecessor-version":[{"id":4560,"href":"https:\/\/toetsch.com\/it\/wp-json\/wp\/v2\/pages\/3932\/revisions\/4560"}],"wp:attachment":[{"href":"https:\/\/toetsch.com\/it\/wp-json\/wp\/v2\/media?parent=3932"}],"curies":[{"name":"wp","href":"https:\/\/api.w.org\/{rel}","templated":true}]}}